
{"id":76,"date":"2014-11-21T06:21:04","date_gmt":"2014-11-21T06:21:04","guid":{"rendered":"http:\/\/namloeuropa.wordpress.com\/?page_id=76"},"modified":"2019-10-20T19:45:04","modified_gmt":"2019-10-20T19:45:04","slug":"construccio-escoles","status":"publish","type":"page","link":"https:\/\/namloeuropa.org\/CA\/programes\/construccio-escoles\/","title":{"rendered":"Construcci\u00f3 d&#8217;escoles"},"content":{"rendered":"<p><\/p>\n<p style=\"text-align: justify;\">Col\u00b7laborem \u00fanicament amb comunitats que estiguin disposades a posar la seva m\u00e0 d\u2019obra no qualificada a disposici\u00f3 del projecte i a involucrar-se directament, organitzant grups de treball i de supervisi\u00f3 del seu projecte.<\/p>\n<p style=\"text-align: justify;\">Un cop l&#8217;escola est\u00e0 constru\u00efda, <span style=\"color: #084f9d;\">Namlo Europa<\/span> entrega l&#8217;escola a la comunitat i passa a ser una escola comunit\u00e0ria p\u00fablica. El Ministeri d&#8217;Educaci\u00f3 nepal\u00e8s posa els mestres i, el curr\u00edculum educatiu segueix la normativa de les escoles p\u00fabliques del Nepal.<\/p>\n<p><img loading=\"lazy\" class=\"alignnone wp-image-79 size-full\" src=\"http:\/\/namloeuropa.org\/wp-content\/uploads\/2014\/11\/cons_003.jpg\" alt=\"cons_003\" width=\"180\" height=\"135\" \/>\u00a0 \u00a0 \u00a0\u00a0<img loading=\"lazy\" class=\"alignnone wp-image-78\" src=\"http:\/\/namloeuropa.org\/wp-content\/uploads\/2014\/11\/cons_002.jpg\" alt=\"cons_002\" width=\"179\" height=\"134\" \/>\u00a0 \u00a0 \u00a0\u00a0<img loading=\"lazy\" class=\"alignnone wp-image-77\" src=\"http:\/\/namloeuropa.org\/wp-content\/uploads\/2014\/11\/cons_001.jpg\" alt=\"cons_001\" width=\"201\" height=\"134\" \/><\/p>","protected":false},"excerpt":{"rendered":"<p>Col\u00b7laborem \u00fanicament amb comunitats que estiguin disposades a posar la seva m\u00e0 d\u2019obra no qualificada a disposici\u00f3 del projecte i a involucrar-se directament, organitzant grups de treball i de supervisi\u00f3 del seu projecte. Un cop l&#8217;escola est\u00e0 constru\u00efda, Namlo Europa entrega l&#8217;escola a la comunitat i passa a ser una escola comunit\u00e0ria p\u00fablica. El Ministeri [&hellip;]<\/p>\n","protected":false},"author":1,"featured_media":0,"parent":74,"menu_order":0,"comment_status":"closed","ping_status":"closed","template":"","meta":[],"_links":{"self":[{"href":"https:\/\/namloeuropa.org\/CA\/wp-json\/wp\/v2\/pages\/76"}],"collection":[{"href":"https:\/\/namloeuropa.org\/CA\/wp-json\/wp\/v2\/pages"}],"about":[{"href":"https:\/\/namloeuropa.org\/CA\/wp-json\/wp\/v2\/types\/page"}],"author":[{"embeddable":true,"href":"https:\/\/namloeuropa.org\/CA\/wp-json\/wp\/v2\/users\/1"}],"replies":[{"embeddable":true,"href":"https:\/\/namloeuropa.org\/CA\/wp-json\/wp\/v2\/comments?post=76"}],"version-history":[{"count":12,"href":"https:\/\/namloeuropa.org\/CA\/wp-json\/wp\/v2\/pages\/76\/revisions"}],"predecessor-version":[{"id":1783,"href":"https:\/\/namloeuropa.org\/CA\/wp-json\/wp\/v2\/pages\/76\/revisions\/1783"}],"up":[{"embeddable":true,"href":"https:\/\/namloeuropa.org\/CA\/wp-json\/wp\/v2\/pages\/74"}],"wp:attachment":[{"href":"https:\/\/namloeuropa.org\/CA\/wp-json\/wp\/v2\/media?parent=76"}],"curies":[{"name":"wp","href":"https:\/\/api.w.org\/{rel}","templated":true}]}}