
{"id":631,"date":"2015-01-18T16:59:08","date_gmt":"2015-01-18T16:59:08","guid":{"rendered":"https:\/\/namloeuropa.wordpress.com\/?page_id=631"},"modified":"2015-03-11T22:36:09","modified_gmt":"2015-03-11T22:36:09","slug":"equip-de-voluntaris","status":"publish","type":"page","link":"http:\/\/namloeuropa.org\/CA\/equip-de-voluntaris\/","title":{"rendered":"Equip de voluntaris"},"content":{"rendered":"<p><\/p>\n<ul>\n<li>Anna L\u00f3pez (Estudiant)<\/li>\n<li>Bel\u00e9n Derqui (Consultora de M\u00e0rqueting)<\/li>\n<li>Celia Gonz\u00e1lez (Responsable de vendes d&#8217;una cadena de supermercats)<\/li>\n<li>Daniel Mu\u00f1oz (Inform\u00e0tic)<\/li>\n<li>Elena Manzorro (Dissenyadora gr\u00e0fica)<\/li>\n<li>Gerard L\u00f3pez (Periodista)<\/li>\n<li>Guillermo De la Figuera (Enginyer Civil)<\/li>\n<li>Hugh King (Professor universitari i inform\u00e0tic)<\/li>\n<li>Isabel Gonz\u00e1lez (Fot\u00f2grafa)<\/li>\n<li>Jaume Saez (Ex-empleat de \u00a0banca)<\/li>\n<li>Jos\u00e9 Carrillo (Realitzador audiovisual)<\/li>\n<li>Jos\u00e9 Lu\u00eds Hern\u00e1ndez (Arquitecte)<\/li>\n<li>Josep Cutrona (Arquitecte)<\/li>\n<li>Laia Salcedo (Dissenyadora gr\u00e0fica)<\/li>\n<li>Llu\u00eds Juaneda (Soci\u00f2leg)<\/li>\n<li>Llu\u00eds Roig (Arquitecte)<\/li>\n<li>Luci Morera (Volunt\u00e0ria)<\/li>\n<li>Manel Sastre (Periodista)<\/li>\n<li>Merc\u00e8 Cagig\u00f3s (Mestra)<\/li>\n<li>Meritxell Ulles (Psic\u00f2loga)<\/li>\n<li>Miquel Llonch (Fot\u00f2graf)<\/li>\n<li>M\u00f2nica Verge (Alpinista)<\/li>\n<li>Montse Ubach (Espele\u00f2loga i periodista)<\/li>\n<li>N\u00faria Badia (Estudiant)<\/li>\n<li>Patri Alcatraz (Realitzadora audiovisual)<\/li>\n<li>Pere i Joan Pons (Empresaris i propietaris de Caves Miquel Pons)<\/li>\n<li>Quim Armengol (Estudiant)<\/li>\n<li>Roger Pe\u00f1arroya (Inform\u00e0tic)<\/li>\n<\/ul>\n<p><em>*En construcci\u00f3<\/em><\/p>","protected":false},"excerpt":{"rendered":"<p>Anna L\u00f3pez (Estudiant) Bel\u00e9n Derqui (Consultora de M\u00e0rqueting) Celia Gonz\u00e1lez (Responsable de vendes d&#8217;una cadena de supermercats) Daniel Mu\u00f1oz (Inform\u00e0tic) Elena Manzorro (Dissenyadora gr\u00e0fica) Gerard L\u00f3pez (Periodista) Guillermo De la Figuera (Enginyer Civil) Hugh King (Professor universitari i inform\u00e0tic) Isabel Gonz\u00e1lez (Fot\u00f2grafa) Jaume Saez (Ex-empleat de \u00a0banca) Jos\u00e9 Carrillo (Realitzador audiovisual) Jos\u00e9 Lu\u00eds Hern\u00e1ndez (Arquitecte) [&hellip;]<\/p>\n","protected":false},"author":1,"featured_media":0,"parent":0,"menu_order":0,"comment_status":"closed","ping_status":"closed","template":"","meta":[],"_links":{"self":[{"href":"http:\/\/namloeuropa.org\/CA\/wp-json\/wp\/v2\/pages\/631"}],"collection":[{"href":"http:\/\/namloeuropa.org\/CA\/wp-json\/wp\/v2\/pages"}],"about":[{"href":"http:\/\/namloeuropa.org\/CA\/wp-json\/wp\/v2\/types\/page"}],"author":[{"embeddable":true,"href":"http:\/\/namloeuropa.org\/CA\/wp-json\/wp\/v2\/users\/1"}],"replies":[{"embeddable":true,"href":"http:\/\/namloeuropa.org\/CA\/wp-json\/wp\/v2\/comments?post=631"}],"version-history":[{"count":4,"href":"http:\/\/namloeuropa.org\/CA\/wp-json\/wp\/v2\/pages\/631\/revisions"}],"predecessor-version":[{"id":915,"href":"http:\/\/namloeuropa.org\/CA\/wp-json\/wp\/v2\/pages\/631\/revisions\/915"}],"wp:attachment":[{"href":"http:\/\/namloeuropa.org\/CA\/wp-json\/wp\/v2\/media?parent=631"}],"curies":[{"name":"wp","href":"https:\/\/api.w.org\/{rel}","templated":true}]}}